{"id":16497,"date":"2024-03-02T10:39:16","date_gmt":"2024-03-02T08:39:16","guid":{"rendered":"https:\/\/www.atributika.vu.lt\/parduotuve\/uncategorized\/holokausto-postsekuliarumas-tarp-kritikos-ir-supratimo\/"},"modified":"2024-03-12T11:58:32","modified_gmt":"2024-03-12T11:58:32","slug":"holokausto-postsekuliarumas-tarp-kritikos-ir-supratimo","status":"publish","type":"product","link":"https:\/\/www.atributika.vu.lt\/en\/parduotuve\/production-of-vilnius-university-press\/holokausto-postsekuliarumas-tarp-kritikos-ir-supratimo\/","title":{"rendered":"Holokausto postsekuliarumas. Tarp kritikos ir supratimo"},"content":{"rendered":"","protected":false},"excerpt":{"rendered":"<div>\n<div class=\"product-info \">\n<div class=\"row\">\n<div class=\"row\">\n<div class=\"col-sm-12 product-center clearfix\">\n<div class=\"product-inner-description\">\n<p>MORE INFORMATION AVAILABLE IN LITHUANIAN LANGUAGE. Knygoje u\u017esimojama postsekuliaryb\u0117s po\u017ei\u016briu apm\u0105styti ir apra\u0161yti nacionalsocialistin\u0117s Vokietijos u\u017esimoto ir vykdyto masinio \u017eyd\u0173 naikinimo vizijas ir praktikas, j\u0173 patyrim\u0105 i\u0161 apa\u010dios, ai\u0161kinimus dabartyje, vertinim\u0105 i\u0161 \u0161ono. Ypatingas d\u0117mesys skiriamas liudytoj\u0173 bals\u0173 paie\u0161kai, skaitymui, interpretavimui nacionalsocialistinio sav\u0119s ir \u017eyd\u0173 matymo, j\u0173 naikinimo organizavimo ir vykdymo; asmeninio viso to patyrimo, nuo tapimo auka iki sukin\u0117jimosi aplinkui situacijose, apsistojant ties tomis vietomis, kurios galb\u016bt i\u0161kalbingos sekuliaryb\u0117s ir religi\u0161kumo santykio po\u017ei\u016briu.<\/p>\n<\/div>\n<\/div>\n<\/div>\n<\/div>\n<\/div>\n<\/div>\n<div id=\"tab-review\" class=\"tab-content\">\n<p>Lietuvi\u0173 kalba<\/p>\n<p>Paperback<br \/>\nPublishing year: 2023<\/p>\n<p>Puslapi\u0173 skai\u010dius: 388<\/p>\n<p>Autorius: Nerijus \u0160epetys<\/p>\n<p>Vilnius University Press<br \/>\nISBN 9786090709016<\/p>\n<\/div>\n","protected":false},"featured_media":16424,"comment_status":"open","ping_status":"closed","template":"","meta":[],"product_brand":[],"product_cat":[188,181],"product_tag":[],"class_list":{"0":"post-16497","1":"product","2":"type-product","3":"status-publish","4":"has-post-thumbnail","6":"product_cat-production-of-vilnius-university-press","7":"product_cat-visos-prekes-en","9":"first","10":"instock","11":"taxable","12":"shipping-taxable","13":"purchasable","14":"product-type-simple"},"_links":{"self":[{"href":"https:\/\/www.atributika.vu.lt\/en\/wp-json\/wp\/v2\/product\/16497","targetHints":{"allow":["GET"]}}],"collection":[{"href":"https:\/\/www.atributika.vu.lt\/en\/wp-json\/wp\/v2\/product"}],"about":[{"href":"https:\/\/www.atributika.vu.lt\/en\/wp-json\/wp\/v2\/types\/product"}],"replies":[{"embeddable":true,"href":"https:\/\/www.atributika.vu.lt\/en\/wp-json\/wp\/v2\/comments?post=16497"}],"version-history":[{"count":1,"href":"https:\/\/www.atributika.vu.lt\/en\/wp-json\/wp\/v2\/product\/16497\/revisions"}],"predecessor-version":[{"id":16498,"href":"https:\/\/www.atributika.vu.lt\/en\/wp-json\/wp\/v2\/product\/16497\/revisions\/16498"}],"wp:featuredmedia":[{"embeddable":true,"href":"https:\/\/www.atributika.vu.lt\/en\/wp-json\/wp\/v2\/media\/16424"}],"wp:attachment":[{"href":"https:\/\/www.atributika.vu.lt\/en\/wp-json\/wp\/v2\/media?parent=16497"}],"wp:term":[{"taxonomy":"product_brand","embeddable":true,"href":"https:\/\/www.atributika.vu.lt\/en\/wp-json\/wp\/v2\/product_brand?post=16497"},{"taxonomy":"product_cat","embeddable":true,"href":"https:\/\/www.atributika.vu.lt\/en\/wp-json\/wp\/v2\/product_cat?post=16497"},{"taxonomy":"product_tag","embeddable":true,"href":"https:\/\/www.atributika.vu.lt\/en\/wp-json\/wp\/v2\/product_tag?post=16497"}],"curies":[{"name":"wp","href":"https:\/\/api.w.org\/{rel}","templated":true}]}}